{"id":113,"date":"2011-02-23T11:17:47","date_gmt":"2011-02-23T14:17:47","guid":{"rendered":"http:\/\/cbsa-passaros.com.br\/newsite\/?page_id=113"},"modified":"2025-02-25T16:07:14","modified_gmt":"2025-02-25T19:07:14","slug":"socios-remidos","status":"publish","type":"page","link":"https:\/\/cbsa-passaros.com.br\/newsite\/?page_id=113","title":{"rendered":"S\u00f3cios Remidos"},"content":{"rendered":"<p><strong>T\u00edtulos concedidos aos Associados que por 25 Anos fazem parte de nossa Associa\u00e7\u00e3o, ajudando\u00a0 cada vez mais no fortalecimento de nossa entidade. Temos o enorme prazer em Homenage\u00e1-los.<\/strong><\/p>\n<table border=\"1\" width=\"70%\" cellspacing=\"0\" cellpadding=\"0\">\n<tbody>\n<tr>\n<td width=\"50%\">\u00a0\u00a0\u00a0\u00a0 Antonio Inacio Veiga<\/td>\n<td width=\"50%\">\u00a0\u00a0\u00a0\u00a0 Adelino Nanzer<\/td>\n<\/tr>\n<tr>\n<td width=\"50%\">\u00a0\u00a0\u00a0\u00a0 Antonio Bonfim<\/td>\n<td width=\"50%\">\u00a0\u00a0\u00a0\u00a0 Antonio Grespan<\/td>\n<\/tr>\n<tr>\n<td width=\"50%\">\u00a0\u00a0\u00a0\u00a0 Armando Fuentes Tietes<\/td>\n<td width=\"50%\">\u00a0\u00a0\u00a0\u00a0 Augusto Knoll<\/td>\n<\/tr>\n<tr>\n<td width=\"50%\">\u00a0\u00a0\u00a0\u00a0 Cezar Augusto Alves<\/td>\n<td width=\"50%\">\u00a0\u00a0\u00a0\u00a0 Everaldo Palavezzini<\/td>\n<\/tr>\n<tr>\n<td width=\"50%\">\u00a0\u00a0\u00a0\u00a0 Flavio S.l.Penteado Filho<\/td>\n<td width=\"50%\">\u00a0\u00a0\u00a0\u00a0 Germano Navelli Assis<\/td>\n<\/tr>\n<tr>\n<td width=\"50%\">\u00a0\u00a0\u00a0\u00a0 Guilherme Antonio Schick<\/td>\n<td width=\"50%\">\u00a0\u00a0\u00a0\u00a0 Guilherme Slonzon<\/td>\n<\/tr>\n<tr>\n<td width=\"50%\">\u00a0\u00a0\u00a0\u00a0 Heitor M.Moreira<\/td>\n<td width=\"50%\">\u00a0\u00a0\u00a0\u00a0 Humberto Mario Turin<\/td>\n<\/tr>\n<tr>\n<td width=\"50%\">\u00a0\u00a0\u00a0\u00a0 Humberto Turin Neto<\/td>\n<td width=\"50%\">\u00a0\u00a0\u00a0\u00a0 Jo\u00e3o Cacace Neto<\/td>\n<\/tr>\n<tr>\n<td width=\"50%\">\u00a0\u00a0\u00a0\u00a0 Jo\u00e3o Fragnan<\/td>\n<td width=\"50%\">\u00a0\u00a0\u00a0\u00a0 Jo\u00e3o Palma<\/td>\n<\/tr>\n<tr>\n<td width=\"50%\">\u00a0\u00a0\u00a0\u00a0 Jo\u00e3o Valeriano P.R.Figuera<\/td>\n<td width=\"50%\">\u00a0\u00a0\u00a0\u00a0 Jose Antonio Pulini<\/td>\n<\/tr>\n<tr>\n<td width=\"50%\">\u00a0\u00a0\u00a0\u00a0 Jose Carlos Mortaio<\/td>\n<td width=\"50%\">\u00a0\u00a0\u00a0\u00a0 Jose da Silva Correa<\/td>\n<\/tr>\n<tr>\n<td width=\"50%\">\u00a0\u00a0\u00a0\u00a0 Jose dos S. Almeida Filho<\/td>\n<td width=\"50%\">\u00a0\u00a0\u00a0\u00a0 Jose Geraldo Bertassolli<\/td>\n<\/tr>\n<tr>\n<td width=\"50%\">\u00a0\u00a0\u00a0\u00a0 Jose Jader Amorim<\/td>\n<td width=\"50%\">\u00a0\u00a0\u00a0\u00a0 Leo Sergio Valente<\/td>\n<\/tr>\n<tr>\n<td width=\"50%\">\u00a0\u00a0\u00a0\u00a0 Leonildo Burgos<\/td>\n<td width=\"50%\">\u00a0\u00a0\u00a0\u00a0 Luiz Aparecido Campos<\/td>\n<\/tr>\n<tr>\n<td width=\"50%\">\u00a0\u00a0\u00a0\u00a0 Luiz Tonus<\/td>\n<td width=\"50%\">\u00a0\u00a0\u00a0\u00a0 Mario Antonio Bressanin<\/td>\n<\/tr>\n<tr>\n<td width=\"50%\">\u00a0\u00a0\u00a0\u00a0 Mario Correa Leite<\/td>\n<td width=\"50%\">\u00a0\u00a0\u00a0\u00a0 Moises Fernandes<\/td>\n<\/tr>\n<tr>\n<td width=\"50%\">\u00a0\u00a0\u00a0\u00a0 Nelson Joaquim<\/td>\n<td width=\"50%\">\u00a0\u00a0\u00a0\u00a0 Norival do Ramos<\/td>\n<\/tr>\n<tr>\n<td width=\"50%\">\u00a0\u00a0\u00a0\u00a0 Pedro Sanches Martin<\/td>\n<td width=\"50%\">\u00a0\u00a0\u00a0\u00a0 Ramon Sanches<\/td>\n<\/tr>\n<tr>\n<td width=\"50%\">\u00a0\u00a0\u00a0\u00a0 Reinero Polydoro<\/td>\n<td width=\"50%\">\u00a0\u00a0\u00a0\u00a0 Rubens Daniel Belissi<\/td>\n<\/tr>\n<tr>\n<td width=\"50%\">\u00a0\u00a0\u00a0\u00a0 Sergio Tozzi<\/td>\n<td width=\"50%\">\u00a0\u00a0\u00a0\u00a0 Sergio Luiz Avena<\/td>\n<\/tr>\n<tr>\n<td width=\"50%\">\u00a0\u00a0\u00a0\u00a0 Silvio de Souza<\/td>\n<td width=\"50%\">\u00a0\u00a0\u00a0\u00a0 Umberto Agenor Turin<\/td>\n<\/tr>\n<tr>\n<td width=\"50%\">\u00a0\u00a0\u00a0\u00a0 Wilson Cavalli<\/td>\n<td width=\"50%\">\u00a0\u00a0\u00a0\u00a0 <\/td>\n<\/tr>\n<\/tbody>\n<\/table>\n","protected":false},"excerpt":{"rendered":"<p>T\u00edtulos concedidos aos Associados que por 25 Anos fazem parte de nossa Associa\u00e7\u00e3o, ajudando\u00a0 cada vez mais no fortalecimento de nossa entidade. Temos o enorme prazer em Homenage\u00e1-los. \u00a0\u00a0\u00a0\u00a0 Antonio Inacio Veiga \u00a0\u00a0\u00a0\u00a0 Adelino Nanzer \u00a0\u00a0\u00a0\u00a0 Antonio Bonfim \u00a0\u00a0\u00a0\u00a0 Antonio Grespan \u00a0\u00a0\u00a0\u00a0 Armando Fuentes Tietes \u00a0\u00a0\u00a0\u00a0 Augusto Knoll \u00a0\u00a0\u00a0\u00a0 Cezar Augusto Alves \u00a0\u00a0\u00a0\u00a0 Everaldo Palavezzini&hellip;<\/p>\n","protected":false},"author":1,"featured_media":0,"parent":0,"menu_order":0,"comment_status":"open","ping_status":"open","template":"","meta":{"footnotes":""},"_links":{"self":[{"href":"https:\/\/cbsa-passaros.com.br\/newsite\/index.php?rest_route=\/wp\/v2\/pages\/113"}],"collection":[{"href":"https:\/\/cbsa-passaros.com.br\/newsite\/index.php?rest_route=\/wp\/v2\/pages"}],"about":[{"href":"https:\/\/cbsa-passaros.com.br\/newsite\/index.php?rest_route=\/wp\/v2\/types\/page"}],"author":[{"embeddable":true,"href":"https:\/\/cbsa-passaros.com.br\/newsite\/index.php?rest_route=\/wp\/v2\/users\/1"}],"replies":[{"embeddable":true,"href":"https:\/\/cbsa-passaros.com.br\/newsite\/index.php?rest_route=%2Fwp%2Fv2%2Fcomments&post=113"}],"version-history":[{"count":4,"href":"https:\/\/cbsa-passaros.com.br\/newsite\/index.php?rest_route=\/wp\/v2\/pages\/113\/revisions"}],"predecessor-version":[{"id":7517,"href":"https:\/\/cbsa-passaros.com.br\/newsite\/index.php?rest_route=\/wp\/v2\/pages\/113\/revisions\/7517"}],"wp:attachment":[{"href":"https:\/\/cbsa-passaros.com.br\/newsite\/index.php?rest_route=%2Fwp%2Fv2%2Fmedia&parent=113"}],"curies":[{"name":"wp","href":"https:\/\/api.w.org\/{rel}","templated":true}]}}